{"id":73,"date":"2024-07-13T10:37:58","date_gmt":"2024-07-13T08:37:58","guid":{"rendered":"https:\/\/www.livgardisten2.se\/?page_id=73"},"modified":"2026-05-28T23:14:39","modified_gmt":"2026-05-28T21:14:39","slug":"avfall","status":"publish","type":"page","link":"https:\/\/www.livgardisten2.se\/?page_id=73","title":{"rendered":"Avfall"},"content":{"rendered":"\n<p class=\"wp-block-paragraph\">Fr\u00e5n och med den 28 maj 2026 har vi sopsorteringsk\u00e4rl p\u00e5 plats. De st\u00e5r p\u00e5 parkeringen mellan 15 och 17. Ett separat nyhetsbrev skickas ut till alla medlemmar med instruktioner om vad som ska i vilken tunna. Sopsorteringen \u00e4r ett krav fr\u00e5n kommunen, se till att sl\u00e4nga r\u00e4tt s\u00e5 att vi slipper straffavgifter!<\/p>\n\n\n\n<figure class=\"wp-block-image size-large\"><img loading=\"lazy\" decoding=\"async\" width=\"1024\" height=\"768\" src=\"https:\/\/www.livgardisten2.se\/wp-content\/uploads\/2026\/05\/kallsortering-1024x768.jpg\" alt=\"\" class=\"wp-image-213\" srcset=\"https:\/\/www.livgardisten2.se\/wp-content\/uploads\/2026\/05\/kallsortering-1024x768.jpg 1024w, https:\/\/www.livgardisten2.se\/wp-content\/uploads\/2026\/05\/kallsortering-300x225.jpg 300w, https:\/\/www.livgardisten2.se\/wp-content\/uploads\/2026\/05\/kallsortering-768x576.jpg 768w, https:\/\/www.livgardisten2.se\/wp-content\/uploads\/2026\/05\/kallsortering-1536x1152.jpg 1536w, https:\/\/www.livgardisten2.se\/wp-content\/uploads\/2026\/05\/kallsortering-2048x1536.jpg 2048w, https:\/\/www.livgardisten2.se\/wp-content\/uploads\/2026\/05\/kallsortering-1200x900.jpg 1200w\" sizes=\"auto, (max-width: 709px) 85vw, (max-width: 909px) 67vw, (max-width: 1362px) 62vw, 840px\" \/><figcaption class=\"wp-element-caption\">(Mer om handikapplatser kommer ocks\u00e5 i nyhetsbrevet.)<\/figcaption><\/figure>\n\n\n\n<h3 class=\"wp-block-heading\">Sl\u00e4ng direkt<\/h3>\n\n\n\n<p class=\"wp-block-paragraph\">St\u00e4ll aldrig ut sopp\u00e5sar utanf\u00f6r din d\u00f6rr, det b\u00e5de luktar illa och \u00e4r brandfarligt (se avsnitten om <a href=\"https:\/\/brflivgardisten2.wordpress.com\/brandsakerhet\/\">brands\u00e4kerhet<\/a>).<\/p>\n\n\n\n<h3 class=\"wp-block-heading\">Kretsloppscentral<\/h3>\n\n\n\n<p class=\"wp-block-paragraph\">Sk\u00e4llsta kretsloppscentral ligger p\u00e5 Ulleviv\u00e4gen 2, 197 40 Bro. \u00d6ppettider finns p\u00e5 <a href=\"https:\/\/www.upplands-bro.se\/bo-bygga-och-leva-hallbart\/avfall-och-atervinning\/kretsloppscentraler-och-atervinningsstationer.html#h-KretsloppscentraleniSkallsta\">deras webbplats<\/a>. D\u00e4r sl\u00e4nger du allt som inte passar in i v\u00e5r k\u00e4llsortering.<\/p>\n\n\n\n<figure class=\"wp-block-image\"><img decoding=\"async\" src=\"https:\/\/brflivgardisten2.wordpress.com\/wp-content\/uploads\/2023\/03\/skallsta-klar.jpg?w=720\" alt=\"\" class=\"wp-image-742\"\/><\/figure>\n","protected":false},"excerpt":{"rendered":"<p>Fr\u00e5n och med den 28 maj 2026 har vi sopsorteringsk\u00e4rl p\u00e5 plats. De st\u00e5r p\u00e5 parkeringen mellan 15 och 17. Ett separat nyhetsbrev skickas ut till alla medlemmar med instruktioner om vad som ska i vilken tunna. Sopsorteringen \u00e4r ett krav fr\u00e5n kommunen, se till att sl\u00e4nga r\u00e4tt s\u00e5 att vi slipper straffavgifter! Sl\u00e4ng direkt &hellip; <a href=\"https:\/\/www.livgardisten2.se\/?page_id=73\" class=\"more-link\">Forts\u00e4tt l\u00e4sa<span class=\"screen-reader-text\"> \u201dAvfall\u201d<\/span><\/a><\/p>\n","protected":false},"author":1,"featured_media":0,"parent":0,"menu_order":0,"comment_status":"closed","ping_status":"closed","template":"","meta":{"footnotes":""},"class_list":["post-73","page","type-page","status-publish","hentry"],"_links":{"self":[{"href":"https:\/\/www.livgardisten2.se\/index.php?rest_route=\/wp\/v2\/pages\/73","targetHints":{"allow":["GET"]}}],"collection":[{"href":"https:\/\/www.livgardisten2.se\/index.php?rest_route=\/wp\/v2\/pages"}],"about":[{"href":"https:\/\/www.livgardisten2.se\/index.php?rest_route=\/wp\/v2\/types\/page"}],"author":[{"embeddable":true,"href":"https:\/\/www.livgardisten2.se\/index.php?rest_route=\/wp\/v2\/users\/1"}],"replies":[{"embeddable":true,"href":"https:\/\/www.livgardisten2.se\/index.php?rest_route=%2Fwp%2Fv2%2Fcomments&post=73"}],"version-history":[{"count":2,"href":"https:\/\/www.livgardisten2.se\/index.php?rest_route=\/wp\/v2\/pages\/73\/revisions"}],"predecessor-version":[{"id":214,"href":"https:\/\/www.livgardisten2.se\/index.php?rest_route=\/wp\/v2\/pages\/73\/revisions\/214"}],"wp:attachment":[{"href":"https:\/\/www.livgardisten2.se\/index.php?rest_route=%2Fwp%2Fv2%2Fmedia&parent=73"}],"curies":[{"name":"wp","href":"https:\/\/api.w.org\/{rel}","templated":true}]}}