{"id":117,"date":"2024-07-13T11:10:37","date_gmt":"2024-07-13T09:10:37","guid":{"rendered":"https:\/\/www.livgardisten2.se\/?page_id=117"},"modified":"2025-06-18T10:55:43","modified_gmt":"2025-06-18T08:55:43","slug":"valkommen-hit","status":"publish","type":"page","link":"https:\/\/www.livgardisten2.se\/?page_id=117","title":{"rendered":"V\u00e4lkommen hit"},"content":{"rendered":"\n<p class=\"wp-block-paragraph\">Grattis till din nya bostad. H\u00e4r hittar du information om din f\u00f6rening, BRF Livgardisten II.<\/p>\n\n\n\n<h2 class=\"wp-block-heading\">Du \u00e4r en del av f\u00f6reningen!<\/h2>\n\n\n\n<p class=\"wp-block-paragraph\">V\u00e5rt gemensamma boende blir vad vi g\u00f6r det till. En bostadsr\u00e4ttsf\u00f6rening bygger p\u00e5 gemenskap och delaktighet. Att \u00e4ga en bostadsr\u00e4tt inneb\u00e4r att vi alla har ett ansvar f\u00f6r v\u00e5ra gemensamma utrymmen och sk\u00f6tseln av dem.<\/p>\n\n\n\n<p class=\"wp-block-paragraph\">Ett exempel kan vara en s\u00e5 enkel sak som att inte bara g\u00e5 f\u00f6rbi om du ser n\u00e5got skr\u00e4p utan att plocka upp det, eller att du sopar bort nysn\u00f6 ner till gatan. Alla kan hj\u00e4lpa till p\u00e5 sitt s\u00e4tt.<\/p>\n\n\n\n<p class=\"wp-block-paragraph\">Om du har tankar, id\u00e9er eller f\u00f6rslag p\u00e5 f\u00f6rb\u00e4ttringar, kontakta styrelsen via e-post<br><a href=\"mailto:info@livgardisten2.com\" target=\"_blank\" rel=\"noreferrer noopener\">info@livgardisten2.se<\/a>, adressen n\u00e5r samtliga i styrelsen. Mer information finns p\u00e5 anslagstavlorna i entr\u00e9erna, samt under \u201d<a href=\"https:\/\/www.livgardisten2.se\/?page_id=41\" data-type=\"page\" data-id=\"41\">Styrelse<\/a>\u201d h\u00e4r p\u00e5 v\u00e5r webbplats.<\/p>\n\n\n\n<h3 class=\"wp-block-heading\">Bostadsr\u00e4ttsf\u00f6reningens styrelse<\/h3>\n\n\n\n<p class=\"wp-block-paragraph\">Styrelsen v\u00e4ljs av f\u00f6reningsst\u00e4mman en g\u00e5ng om \u00e5ret och namnen p\u00e5 nuvarande styrelsemedlemmar finns anslagna p\u00e5 anslag i entr\u00e9erna och h\u00e4r p\u00e5 webben.<\/p>\n\n\n\n<h3 class=\"wp-block-heading\">F\u00f6reningsst\u00e4mma<\/h3>\n\n\n\n<p class=\"wp-block-paragraph\">Det \u00e4r viktigt att du som medlem deltar vid den \u00e5rliga f\u00f6reningsst\u00e4mman. St\u00e4mman \u00e4r f\u00f6reningens h\u00f6gsta beslutande organ. D\u00e5 f\u00e5r alla medlemmar tillf\u00e4lle att s\u00e4ga sin mening och samtidigt vara med och p\u00e5verka f\u00f6reningens utveckling. T\u00e4nk p\u00e5 att s\u00e5nt som du vill ta upp p\u00e5 \u00e5rsm\u00f6tet ska ha kommit in till styrelsen f\u00f6re m\u00f6tet. (P\u00e5 \u00e5rsm\u00f6ten finns aldrig n\u00e5gra \u201d\u00f6vriga fr\u00e5gor\u201d utan styrelsen ska ha hunnit ta st\u00e4llning och ha ett bra svar.)<\/p>\n\n\n\n<p class=\"wp-block-paragraph\">St\u00e4mman h\u00e5lls som regel p\u00e5 v\u00e5ren.<\/p>\n\n\n\n<h2 class=\"wp-block-heading\">N\u00e4r du flyttar in<\/h2>\n\n\n\n<h3 class=\"wp-block-heading\">Avgift till f\u00f6reningen<\/h3>\n\n\n\n<p class=\"wp-block-paragraph\">M\u00e5nadsavgiften fastst\u00e4lls av styrelsen och skall t\u00e4cka f\u00f6reningens utgifter. Kontakta v\u00e5r f\u00f6rvaltare, FF-Fastigheter, om du inte f\u00e5tt n\u00e5gra avier Du kan \u00e4ven betala din avgift via autogiro, anm\u00e4l det till FF-fastigheter. <a rel=\"noreferrer noopener\" href=\"https:\/\/ff-fastighetsservice.se\/\" target=\"_blank\">L\u00e4nk till FF-fastigheter.<\/a><\/p>\n\n\n\n<h3 class=\"wp-block-heading\">Nycklar<\/h3>\n\n\n\n<p class=\"wp-block-paragraph\">Kontrollera att s\u00e4ljaren \u00f6verl\u00e4mnat samtliga nycklar (\u00e4ven till ditt f\u00f6rr\u00e5d) och taggar. Till varje l\u00e4genhet h\u00f6r tv\u00e5 taggar. Om inte s\u00e4ljaren g\u00f6r det kan s\u00e4ljaren beh\u00f6va st\u00e5 f\u00f6r de kostnader som du som k\u00f6pare lider.<\/p>\n\n\n\n<h2 class=\"wp-block-heading\">Brands\u00e4kerhet<\/h2>\n\n\n\n<p class=\"wp-block-paragraph\"><strong>Det \u00e4r absolut f\u00f6rbjudet att st\u00e4lla tillh\u00f6righeter i trapphusen.<\/strong><\/p>\n\n\n\n<p class=\"wp-block-paragraph\">P\u00e5 varje plan finns en brandsl\u00e4ckare. L\u00e4s g\u00e4rna instruktionerna p\u00e5 den n\u00e4r det \u00e4r lugn och ro, s\u00e5 att du kan hantera den snabbt om det skulle beh\u00f6vas.<\/p>\n\n\n\n<h3 class=\"wp-block-heading\">Vid evakuering<\/h3>\n\n\n\n<p class=\"wp-block-paragraph\">Den dagen olyckan \u00e4r framme m\u00e5ste brandk\u00e5r eller ambulanspersonal kunna komma fram utan att beh\u00f6va flytta p\u00e5 n\u00e5got eller tr\u00e4nga sig f\u00f6rbi. T\u00e4nk p\u00e5 att om det b\u00f6rjar brinna och det samtidigt blir str\u00f6ml\u00f6st i trapphuset ska du kunna ta sig ut i r\u00f6k och m\u00f6rker. Saker i trapphusen kan ocks\u00e5 hindra ambulanspersonal att ta sig fram med en b\u00e5r om n\u00e5gon beh\u00f6ver akut sjukv\u00e5rd.<\/p>\n\n\n\n<h3 class=\"wp-block-heading\">Br\u00e4nnbara f\u00f6rem\u00e5l<\/h3>\n\n\n\n<p class=\"wp-block-paragraph\">Saker i trapphusen st\u00e5r inte bara iv\u00e4gen, de \u00e4r ocks\u00e5 i sig en brandfara eftersom saker av tyg, tr\u00e4, plast etc. brinner l\u00e4ttare och utvecklar mer r\u00f6k \u00e4n rena v\u00e4ggar, golv och tak.<\/p>\n\n\n\n<p class=\"wp-block-paragraph\">Saker som <strong>inte f\u00e5r st\u00e5 utanf\u00f6r din d\u00f6rr eller nere i entr\u00e9n<\/strong> \u00e4r till exempel: barnvagnar, sparkcyklar, rullatorer, pulkor, paket, d\u00f6rrmattor, sopor etc.<\/p>\n\n\n\n<p class=\"wp-block-paragraph\"><em>Bra att veta:<\/em> I ett prejudicerande fall under 2006 stod det klart att det inte \u00e4r till\u00e5tet att hindra fri v\u00e4g f\u00f6r utryckningspersonal. Det kan allts\u00e5 leda till b\u00f6ter om utryckningspersonalen m\u00e5ste fram.<\/p>\n\n\n\n<h3 class=\"wp-block-heading\">Bl\u00e5ljuskod<\/h3>\n\n\n\n<p class=\"wp-block-paragraph\">V\u00e5ra fastigheter \u00e4r utrustade med en s\u00e5 kallad bl\u00e5ljuskod. Det inneb\u00e4r att utryckningsfordon som kommer hit kan ringa ett nummer som bara de har och f\u00e5 en hemlig portkod f\u00f6r att ta sig in. Det kan vara bra att upplysa om, ifall du till exempel best\u00e4ller ambulans och inte kan ta dig till ytterporten p\u00e5 egen hand.<\/p>\n\n\n\n<h3 class=\"wp-block-heading\">Eluttag p\u00e5 balkong &amp;&nbsp;uteplats<\/h3>\n\n\n\n<p class=\"wp-block-paragraph\">Det \u00e4r absolut f\u00f6rbjudet att dra skarvsladdar fr\u00e5n eluttaget till saker utanf\u00f6r din balkong eller uteplats. Varje hus har en huvuds\u00e4kring som \u00e4r ber\u00e4knad f\u00f6r lampor och hush\u00e5llsmaskiner.<\/p>\n\n\n\n<h2 class=\"wp-block-heading\">Allm\u00e4n trivsel<\/h2>\n\n\n\n<p class=\"wp-block-paragraph\">Vi har det tyst och lugnt i v\u00e5ra hus och vill att det f\u00f6rblir s\u00e5. V\u00e5ra hus \u00e4r inte lyh\u00f6rda, men det h\u00f6rs \u00e4nd\u00e5 v\u00e4l n\u00e4r n\u00e5gon pratar, skrattar eller klampar i trapphuset. T\u00e4nk ocks\u00e5 p\u00e5 att ditt golv \u00e4r grannens tak och att dina v\u00e4ggar ocks\u00e5 \u00e4r n\u00e5gon annans v\u00e4ggar. Visa alltid respekt, t\u00e4nk ocks\u00e5 p\u00e5 att en del jobbar natt eller kan ha v\u00e4ldigt tidiga morgnar.<\/p>\n\n\n\n<p class=\"wp-block-paragraph\">Undvik att k\u00f6ra maskiner (disk, tv\u00e4tt, dammsugning etc.) mellan 22.00 och 07.00.<\/p>\n\n\n\n<p class=\"wp-block-paragraph\">Om du planerar fest brukar det vara en fin gest om du meddelar det i f\u00f6rv\u00e4g, till exempel genom ett anslag i porten. Observera att detta inte ger dig r\u00e4tt att st\u00f6ra, utan att du fortfarande m\u00e5ste visa dina grannar h\u00e4nsyn. Om n\u00e5gon ber dig s\u00e4nka ljudvolymen, oavsett tid p\u00e5 dygnet, g\u00f6r det.<\/p>\n\n\n\n<p class=\"wp-block-paragraph\">De l\u00e5nga mattorna utanf\u00f6r portarna och inne i entr\u00e9erna \u00e4r till f\u00f6r att ingen ska smutsa ner i trapphusen. Var noga med att torka av leriga skor.<\/p>\n\n\n\n<p class=\"wp-block-paragraph\">F\u00f6reningen har ocks\u00e5 en grupp p\u00e5 Facebook. G\u00e5 g\u00e4rna med. D\u00e4r kan du till exempel fr\u00e5ga efter starthj\u00e4lp till bilen, h\u00f6ra om andra har varmvatten, be att f\u00e5 l\u00e5na lite socker till baket eller andra sociala saker. Observera att facebookgruppen inte \u00e4r en kanal f\u00f6r meddelanden fr\u00e5n styrelsen (men vi finns d\u00e4r och svarar efter f\u00f6rm\u00e5ga). <a href=\"https:\/\/www.facebook.com\/groups\/5428369863849827\" target=\"_blank\" rel=\"noreferrer noopener\">L\u00e4nk till f\u00f6reningens facebookgrupp.<\/a><\/p>\n\n\n\n<h2 class=\"wp-block-heading\">Fr\u00e5gor?<\/h2>\n\n\n\n<p class=\"wp-block-paragraph\">Under huvudrubriken <a href=\"https:\/\/www.livgardisten2.se\/?page_id=60\" data-type=\"page\" data-id=\"60\">A \u2013 \u00d6<\/a> p\u00e5 den h\u00e4r webbplatsen hittar du svaren till de vanligaste fr\u00e5gorna. Om du inte hittar den information som du s\u00f6ker: kontakta styrelsen!<\/p>\n\n\n\n<p class=\"wp-block-paragraph\">\u00c4n en g\u00e5ng, varmt v\u00e4lkommen till v\u00e5r f\u00f6rening!<br>\/Styrelsen<\/p>\n\n\n\n<figure class=\"wp-block-image\"><img decoding=\"async\" src=\"https:\/\/brflivgardisten2.wordpress.com\/wp-content\/uploads\/2022\/09\/img_5052.jpg?w=1024\" alt=\"\" class=\"wp-image-237\"\/><\/figure>\n","protected":false},"excerpt":{"rendered":"<p>Grattis till din nya bostad. H\u00e4r hittar du information om din f\u00f6rening, BRF Livgardisten II. Du \u00e4r en del av f\u00f6reningen! V\u00e5rt gemensamma boende blir vad vi g\u00f6r det till. En bostadsr\u00e4ttsf\u00f6rening bygger p\u00e5 gemenskap och delaktighet. Att \u00e4ga en bostadsr\u00e4tt inneb\u00e4r att vi alla har ett ansvar f\u00f6r v\u00e5ra gemensamma utrymmen och sk\u00f6tseln av &hellip; <a href=\"https:\/\/www.livgardisten2.se\/?page_id=117\" class=\"more-link\">Forts\u00e4tt l\u00e4sa<span class=\"screen-reader-text\"> \u201dV\u00e4lkommen hit\u201d<\/span><\/a><\/p>\n","protected":false},"author":1,"featured_media":0,"parent":0,"menu_order":0,"comment_status":"closed","ping_status":"closed","template":"","meta":{"footnotes":""},"class_list":["post-117","page","type-page","status-publish","hentry"],"_links":{"self":[{"href":"https:\/\/www.livgardisten2.se\/index.php?rest_route=\/wp\/v2\/pages\/117","targetHints":{"allow":["GET"]}}],"collection":[{"href":"https:\/\/www.livgardisten2.se\/index.php?rest_route=\/wp\/v2\/pages"}],"about":[{"href":"https:\/\/www.livgardisten2.se\/index.php?rest_route=\/wp\/v2\/types\/page"}],"author":[{"embeddable":true,"href":"https:\/\/www.livgardisten2.se\/index.php?rest_route=\/wp\/v2\/users\/1"}],"replies":[{"embeddable":true,"href":"https:\/\/www.livgardisten2.se\/index.php?rest_route=%2Fwp%2Fv2%2Fcomments&post=117"}],"version-history":[{"count":2,"href":"https:\/\/www.livgardisten2.se\/index.php?rest_route=\/wp\/v2\/pages\/117\/revisions"}],"predecessor-version":[{"id":167,"href":"https:\/\/www.livgardisten2.se\/index.php?rest_route=\/wp\/v2\/pages\/117\/revisions\/167"}],"wp:attachment":[{"href":"https:\/\/www.livgardisten2.se\/index.php?rest_route=%2Fwp%2Fv2%2Fmedia&parent=117"}],"curies":[{"name":"wp","href":"https:\/\/api.w.org\/{rel}","templated":true}]}}